{"id":751,"date":"2020-04-27T16:31:22","date_gmt":"2020-04-27T14:31:22","guid":{"rendered":"https:\/\/www.inklusives-goettingen.de\/?page_id=751"},"modified":"2025-03-31T12:24:09","modified_gmt":"2025-03-31T10:24:09","slug":"informationen","status":"publish","type":"page","link":"https:\/\/www.inklusives-goettingen.de\/index.php\/informationen\/","title":{"rendered":"Impressum und Datenschutz"},"content":{"rendered":"\n<h2 class=\"wp-block-heading\"><button id=\"listenButton1\" class=\"responsivevoice-button\" type=\"button\" value=\"Play\" title=\"ResponsiveVoice Tap to Start\/Stop Speech\"><span>&#128266; Text vorlesen<\/span><\/button>\n        <script>\n            listenButton1.onclick = function(){\n                if(responsiveVoice.isPlaying()){\n                    responsiveVoice.cancel();\n                }else{\n                    responsiveVoice.speak(\"Das B\u00fcndnis Inklusives G\u00f6ttingen ist ein Zusammenschluss verschiedener in der Behinderten(selbst-)hilfe aktiven Organisationen. Kontakt \/ Verantwortlich: Erik Kleinfeldt, Selbsthilfe K\u00f6rperbehinderter G\u00f6ttingen e.V., Neustadt 7, 37073 G\u00f6ttingen, Telefon 0551\/547 33 12, Mail: e.kleinfeldt(\u00e4t)shk-goe.de Die Datenschutzrichtlinien entsprechend DSGVO finden Sie hier Wir danken unseren Partnern Stadtradio G\u00f6ttingen und Basta Werbeagentur GmbH less than\", \"Deutsch Female\");\n                }\n            };\n        <\/script>\n    <\/h2>\n\n\n\n<p>Das B\u00fcndnis Inklusives G\u00f6ttingen ist ein Zusammenschluss verschiedener in der Behinderten(selbst-)hilfe aktiven Organisationen. <\/p>\n\n\n\n<p><\/p>\n\n\n\n<p>Kontakt \/ Verantwortlich:<\/p>\n\n\n\n<p>Erik Kleinfeldt, Selbsthilfe K\u00f6rperbehinderter G\u00f6ttingen e.V., Neustadt 7, 37073 G\u00f6ttingen, Telefon 0551\/547 33 12, Mail: e.kleinfeldt(\u00e4t)shk-goe.de<\/p>\n\n\n\n<p><a href=\"https:\/\/www.inklusives-goettingen.de\/?page_id=506&amp;preview=true\">Die Datenschutzrichtlinien entsprechend DSGVO finden Sie hier<\/a><\/p>\n\n\n\n<p>Wir danken unseren Partnern Stadtradio G\u00f6ttingen und Basta Werbeagentur GmbH<\/p>\n\n\n\n<figure class=\"wp-block-image size-large\"><img loading=\"lazy\" decoding=\"async\" width=\"225\" height=\"225\" src=\"https:\/\/www.inklusives-goettingen.de\/wp-content\/uploads\/2020\/05\/image.png\" alt=\"StadtRadio G\u00f6ttingen 107,1 MHz | Livestream per Webradio h\u00f6ren\" class=\"wp-image-917\" srcset=\"https:\/\/www.inklusives-goettingen.de\/wp-content\/uploads\/2020\/05\/image.png 225w, https:\/\/www.inklusives-goettingen.de\/wp-content\/uploads\/2020\/05\/image-150x150.png 150w\" sizes=\"auto, (max-width: 225px) 100vw, 225px\" \/><\/figure>\n\n\n\n<figure class=\"wp-block-image size-large\"><a href=\"https:\/\/basta.de\/\"><img decoding=\"async\" src=\"https:\/\/basta.de\/wp-content\/uploads\/2021\/04\/Basta-Werbeagentur_Logo.png\" alt=\"\"\/><\/a><\/figure>\n\n\n\n<p><br><a href=\"https:\/\/www.inklusives-goettingen.de\/wp-content\/uploads\/2019\/10\/c_von_uslar_gleichen_Aktionstag_2019_IMG_3894.jpg\"><\/a><a href=\"https:\/\/www.inklusives-goettingen.de\/wp-content\/uploads\/2019\/10\/c_von_uslar_gleichen_Aktionstag_2019_IMG_3888.jpg\"><\/a><a href=\"https:\/\/www.inklusives-goettingen.de\/wp-content\/uploads\/2019\/10\/c_von_uslar_gleichen_Aktionstag_2019_IMG_3900.jpg\"><\/a><br><a href=\"https:\/\/www.inklusives-goettingen.de\/wp-content\/uploads\/2019\/10\/c_von_uslar_gleichen_Aktionstag_2019_IMG_3901.jpg\"><\/a><a href=\"https:\/\/www.inklusives-goettingen.de\/wp-content\/uploads\/2019\/10\/c_von_uslar_gleichen_Aktionstag_2019_IMG_3913.jpg\"><\/a><a href=\"https:\/\/www.inklusives-goettingen.de\/wp-content\/uploads\/2019\/10\/c_von_uslar_gleichen_Aktionstag_2019_IMG_3908.jpg\"><\/a><br><a href=\"https:\/\/www.inklusives-goettingen.de\/wp-content\/uploads\/2019\/10\/c_von_uslar_gleichen_Aktionstag_2019_IMG_3962.jpg\"><\/a><a href=\"https:\/\/www.inklusives-goettingen.de\/wp-content\/uploads\/2019\/10\/c_von_uslar_gleichen_Aktionstag_2019_IMG_3929.jpg\"><\/a><a href=\"https:\/\/www.inklusives-goettingen.de\/wp-content\/uploads\/2019\/10\/c_von_uslar_gleichen_Aktionstag_2019_IMG_3964.jpg\"><\/a><br><a href=\"https:\/\/www.inklusives-goettingen.de\/wp-content\/uploads\/2019\/10\/c_von_uslar_gleichen_Aktionstag_2019_IMG_3984.jpg\"><\/a><a href=\"https:\/\/www.inklusives-goettingen.de\/wp-content\/uploads\/2019\/10\/c_von_uslar_gleichen_Aktionstag_2019_IMG_3992.jpg\"><\/a><a href=\"https:\/\/www.inklusives-goettingen.de\/wp-content\/uploads\/2019\/10\/c_von_uslar_gleichen_Aktionstag_2019_IMG_3999.jpg\"><\/a><br><a href=\"https:\/\/www.inklusives-goettingen.de\/wp-content\/uploads\/2019\/10\/c_von_uslar_gleichen_Aktionstag_2019_IMG_4015.jpg\"><\/a><a href=\"https:\/\/www.inklusives-goettingen.de\/wp-content\/uploads\/2019\/10\/c_von_uslar_gleichen_Aktionstag_2019_IMG_4028.jpg\"><\/a><a href=\"https:\/\/www.inklusives-goettingen.de\/wp-content\/uploads\/2019\/10\/c_von_uslar_gleichen_Aktionstag_2019_IMG_4018.jpg\"><\/a><br><a href=\"https:\/\/www.inklusives-goettingen.de\/wp-content\/uploads\/2019\/10\/c_von_uslar_gleichen_Aktionstag_2019_IMG_4044.jpg\"><\/a><a href=\"https:\/\/www.inklusives-goettingen.de\/wp-content\/uploads\/2019\/10\/c_von_uslar_gleichen_Aktionstag_2019_IMG_4031.jpg\"><\/a><a href=\"https:\/\/www.inklusives-goettingen.de\/wp-content\/uploads\/2019\/10\/c_von_uslar_gleichen_Aktionstag_2019_IMG_4053.jpg\"><\/a><br><a href=\"https:\/\/www.inklusives-goettingen.de\/wp-content\/uploads\/2019\/10\/c_von_uslar_gleichen_Aktionstag_2019_IMG_4049.jpg\"><\/a><a href=\"https:\/\/www.inklusives-goettingen.de\/wp-content\/uploads\/2019\/10\/c_von_uslar_gleichen_Aktionstag_2019_IMG_4045.jpg\"><\/a><a href=\"https:\/\/www.inklusives-goettingen.de\/wp-content\/uploads\/2019\/10\/c_von_uslar_gleichen_Aktionstag_2019_IMG_4068.jpg\"><\/a><br><a href=\"https:\/\/www.inklusives-goettingen.de\/wp-content\/uploads\/2019\/10\/c_von_uslar_gleichen_Aktionstag_2019_IMG_4061.jpg\"><\/a><a href=\"https:\/\/www.inklusives-goettingen.de\/wp-content\/uploads\/2019\/10\/DSCN0676.jpg\"><\/a><a href=\"https:\/\/www.inklusives-goettingen.de\/wp-content\/uploads\/2019\/10\/DSCN0680.jpg\"><\/a><br><a href=\"https:\/\/www.inklusives-goettingen.de\/wp-content\/uploads\/2019\/10\/DSCN0708.jpg\"><\/a><a href=\"https:\/\/www.inklusives-goettingen.de\/wp-content\/uploads\/2019\/10\/P1091218-e1571725007137.jpg\"><\/a><a href=\"https:\/\/www.inklusives-goettingen.de\/wp-content\/uploads\/2019\/10\/P1091277.jpg\"><\/a><br><a href=\"https:\/\/www.inklusives-goettingen.de\/wp-content\/uploads\/2019\/10\/P1091311.jpg\"><\/a><a href=\"https:\/\/www.inklusives-goettingen.de\/wp-content\/uploads\/2019\/10\/P1091329.jpg\"><\/a><a href=\"https:\/\/www.inklusives-goettingen.de\/wp-content\/uploads\/2019\/10\/P1091336.jpg\"><\/a><br><a href=\"https:\/\/www.inklusives-goettingen.de\/wp-content\/uploads\/2019\/10\/P1091340.jpg\"><\/a> &lt; <a href=\"https:\/\/www.inklusives-goettingen.de\/wp-content\/uploads\/2019\/10\/P1091381.jpg\"><\/a><a href=\"https:\/\/www.inklusives-goettingen.de\/wp-content\/uploads\/2019\/10\/P1091441.jpg\"><\/a><br><a href=\"https:\/\/www.inklusives-goettingen.de\/wp-content\/uploads\/2018\/05\/IMG_1485.jpg\"><\/a><\/p>\n","protected":false},"excerpt":{"rendered":"<p>Das B\u00fcndnis Inklusives G\u00f6ttingen ist ein Zusammenschluss verschiedener in der Behinderten(selbst-)hilfe aktiven Organisationen. Kontakt \/ Verantwortlich: Erik Kleinfeldt, Selbsthilfe K\u00f6rperbehinderter G\u00f6ttingen e.V., Neustadt 7, 37073 G\u00f6ttingen, Telefon 0551\/547 33 12, Mail: e.kleinfeldt(\u00e4t)shk-goe.de Die Datenschutzrichtlinien entsprechend DSGVO finden Sie hier Wir danken unseren Partnern Stadtradio G\u00f6ttingen und Basta Werbeagentur GmbH &lt;<\/p>\n","protected":false},"author":2,"featured_media":0,"parent":0,"menu_order":0,"comment_status":"closed","ping_status":"closed","template":"","meta":{"footnotes":""},"class_list":["post-751","page","type-page","status-publish","hentry"],"_links":{"self":[{"href":"https:\/\/www.inklusives-goettingen.de\/index.php\/wp-json\/wp\/v2\/pages\/751","targetHints":{"allow":["GET"]}}],"collection":[{"href":"https:\/\/www.inklusives-goettingen.de\/index.php\/wp-json\/wp\/v2\/pages"}],"about":[{"href":"https:\/\/www.inklusives-goettingen.de\/index.php\/wp-json\/wp\/v2\/types\/page"}],"author":[{"embeddable":true,"href":"https:\/\/www.inklusives-goettingen.de\/index.php\/wp-json\/wp\/v2\/users\/2"}],"replies":[{"embeddable":true,"href":"https:\/\/www.inklusives-goettingen.de\/index.php\/wp-json\/wp\/v2\/comments?post=751"}],"version-history":[{"count":12,"href":"https:\/\/www.inklusives-goettingen.de\/index.php\/wp-json\/wp\/v2\/pages\/751\/revisions"}],"predecessor-version":[{"id":1366,"href":"https:\/\/www.inklusives-goettingen.de\/index.php\/wp-json\/wp\/v2\/pages\/751\/revisions\/1366"}],"wp:attachment":[{"href":"https:\/\/www.inklusives-goettingen.de\/index.php\/wp-json\/wp\/v2\/media?parent=751"}],"curies":[{"name":"wp","href":"https:\/\/api.w.org\/{rel}","templated":true}]}}