{"id":8,"date":"2018-01-22T12:07:59","date_gmt":"2018-01-22T11:07:59","guid":{"rendered":"https:\/\/www.inklusives-goettingen.de\/?page_id=8"},"modified":"2026-04-27T15:02:19","modified_gmt":"2026-04-27T13:02:19","slug":"team","status":"publish","type":"page","link":"https:\/\/www.inklusives-goettingen.de\/index.php\/team\/","title":{"rendered":"Team"},"content":{"rendered":"\n<h2 class=\"wp-block-heading\"><\/h2>\n\n\n\n<h2 class=\"wp-block-heading\"><strong><span style=\"color: #333333;\">Die Organisatoren<\/span><\/strong><\/h2>\n\n\n\n<p>Ein Team aus engagierten Mitarbeitern verschiedener Einrichtungen der Behindertenarbeit organisiert seit vielen Jahren den Aktionstag zur Gleichstellung von Menschen mit Behinderung:<\/p>\n\n\n\n<p>ADHS Selbsthife Duderstadt, ASC G\u00f6ttingen, AWO G\u00f6ttingen Trialog, Caritas S\u00fcdniedersachsen, Gesch\u00e4ftsstelle Inklusion Bewegen Stadt und Landkreis G\u00f6ttingen, G\u00d6WE gGmbH, Inklusionsbeauftragte Landkreis G\u00f6ttingen, Koordinationsstelle Inklusive Arbweit in S\u00fcdniedersachsen, Lebenshilfe Eichsfeld, myworx gGmbH, SC Hainberg Rolltraining, Selbsthilfe K\u00f6rperbehinderter G\u00f6ttingen e.V., Stadt Duderstadt , Vdk Duderstadt, Volkshochschule G\u00f6ttigen\/Osterode<\/p>\n\n\n\n<figure class=\"wp-block-image size-full\"><img loading=\"lazy\" decoding=\"async\" width=\"1614\" height=\"666\" src=\"https:\/\/www.inklusives-goettingen.de\/wp-content\/uploads\/2026\/04\/orgas.jpg\" alt=\"\" class=\"wp-image-1728\" srcset=\"https:\/\/www.inklusives-goettingen.de\/wp-content\/uploads\/2026\/04\/orgas.jpg 1614w, https:\/\/www.inklusives-goettingen.de\/wp-content\/uploads\/2026\/04\/orgas-300x124.jpg 300w, https:\/\/www.inklusives-goettingen.de\/wp-content\/uploads\/2026\/04\/orgas-1024x423.jpg 1024w, https:\/\/www.inklusives-goettingen.de\/wp-content\/uploads\/2026\/04\/orgas-768x317.jpg 768w, https:\/\/www.inklusives-goettingen.de\/wp-content\/uploads\/2026\/04\/orgas-1536x634.jpg 1536w\" sizes=\"auto, (max-width: 1614px) 100vw, 1614px\" \/><\/figure>\n\n\n\n<p>Der Aktionstag 5. Mai in G\u00f6ttingen wird finanziert von Aktion Mensch<\/p>\n\n\n\n<p><\/p>\n","protected":false},"excerpt":{"rendered":"<p>Die Organisatoren Ein Team aus engagierten Mitarbeitern verschiedener Einrichtungen der Behindertenarbeit organisiert seit vielen Jahren den Aktionstag zur Gleichstellung von Menschen mit Behinderung: ADHS Selbsthife Duderstadt, ASC G\u00f6ttingen, AWO G\u00f6ttingen Trialog, Caritas S\u00fcdniedersachsen, Gesch\u00e4ftsstelle Inklusion Bewegen Stadt und Landkreis G\u00f6ttingen, G\u00d6WE gGmbH, Inklusionsbeauftragte Landkreis G\u00f6ttingen, Koordinationsstelle Inklusive Arbweit in S\u00fcdniedersachsen, Lebenshilfe Eichsfeld, myworx gGmbH, SC [&hellip;]<\/p>\n","protected":false},"author":2,"featured_media":0,"parent":0,"menu_order":0,"comment_status":"closed","ping_status":"closed","template":"","meta":{"footnotes":""},"class_list":["post-8","page","type-page","status-publish","hentry"],"_links":{"self":[{"href":"https:\/\/www.inklusives-goettingen.de\/index.php\/wp-json\/wp\/v2\/pages\/8","targetHints":{"allow":["GET"]}}],"collection":[{"href":"https:\/\/www.inklusives-goettingen.de\/index.php\/wp-json\/wp\/v2\/pages"}],"about":[{"href":"https:\/\/www.inklusives-goettingen.de\/index.php\/wp-json\/wp\/v2\/types\/page"}],"author":[{"embeddable":true,"href":"https:\/\/www.inklusives-goettingen.de\/index.php\/wp-json\/wp\/v2\/users\/2"}],"replies":[{"embeddable":true,"href":"https:\/\/www.inklusives-goettingen.de\/index.php\/wp-json\/wp\/v2\/comments?post=8"}],"version-history":[{"count":137,"href":"https:\/\/www.inklusives-goettingen.de\/index.php\/wp-json\/wp\/v2\/pages\/8\/revisions"}],"predecessor-version":[{"id":1730,"href":"https:\/\/www.inklusives-goettingen.de\/index.php\/wp-json\/wp\/v2\/pages\/8\/revisions\/1730"}],"wp:attachment":[{"href":"https:\/\/www.inklusives-goettingen.de\/index.php\/wp-json\/wp\/v2\/media?parent=8"}],"curies":[{"name":"wp","href":"https:\/\/api.w.org\/{rel}","templated":true}]}}